{"id":21783,"date":"2022-02-08T11:23:28","date_gmt":"2022-02-08T10:23:28","guid":{"rendered":"https:\/\/www.forenseek.fr\/politique-de-confidentialite\/"},"modified":"2025-10-27T10:23:01","modified_gmt":"2025-10-27T09:23:01","slug":"politique-de-confidentialite","status":"publish","type":"page","link":"https:\/\/www.forenseek.fr\/en\/politique-de-confidentialite\/","title":{"rendered":"Privacy policy"},"content":{"rendered":"<p>La pr\u00e9sente politique de confidentialit\u00e9 (ci-apr\u00e8s d\u00e9sign\u00e9e la <strong>\u00ab Politique de Confidentialit\u00e9 \u00bb<\/strong>) d\u00e9finit le cadre l\u00e9gal de collecte, utilisation et traitement par la soci\u00e9t\u00e9 Forenseek (ci-apr\u00e8s d\u00e9sign\u00e9e <strong>\u00ab la Soci\u00e9t\u00e9 \u00bb<\/strong>), des donn\u00e9es personnelles concernant les utilisateurs navigant et\/ou faisant usage des services propos\u00e9s par la Soci\u00e9t\u00e9 (ci-apr\u00e8s d\u00e9sign\u00e9s les \u00ab&nbsp;<strong>Utilisateurs<\/strong>&nbsp;\u00bb) accessibles sur le site web <a href=\"http:\/\/www.forenseek.fr\">www.forenseek.fr<\/a> (ci-apr\u00e8s d\u00e9sign\u00e9 le \u00ab&nbsp;<strong>Site<\/strong>&nbsp;\u00bb), con\u00e7ue, d\u00e9velopp\u00e9e et exploit\u00e9e par la Soci\u00e9t\u00e9.<\/p><p>Au titre de la Politique de Confidentialit\u00e9, le responsable du traitement des donn\u00e9es personnelles est la soci\u00e9t\u00e9 Forenseek, dont le si\u00e8ge social est situ\u00e9 au 3 Villa Faie F\u00e9lix, 94300 Vincennes, immatricul\u00e9e au Registre du Commerce et des Soci\u00e9t\u00e9s de Cr\u00e9teil sous le num\u00e9ro 899 030 209.<\/p><p>En tant que responsable du traitement, la Soci\u00e9t\u00e9 conserve le contr\u00f4le total sur les donn\u00e9es personnelles et d\u00e9termine l\u2019objet, la nature, les finalit\u00e9s, les moyens et la dur\u00e9e du traitement des donn\u00e9es personnelles des Utilisateurs (ci-apr\u00e8s d\u00e9sign\u00e9es les \u00ab&nbsp;<strong>Donn\u00e9es<\/strong> <strong>Personnelles<\/strong>&nbsp;\u00bb).<\/p><p>Le renseignement des Donn\u00e9es Personnelles collect\u00e9es dans le cadre de la Politique de Confidentialit\u00e9, est obligatoire et n\u00e9cessaire pour le traitement et pour la fourniture des services propos\u00e9s par la Soci\u00e9t\u00e9 via le pr\u00e9sent Site (ci-apr\u00e8s d\u00e9sign\u00e9s les <strong>\u00ab&nbsp;Services&nbsp;\u00bb<\/strong>). Le d\u00e9faut de renseignements emp\u00eache le bon fonctionnement et la fourniture des Services propos\u00e9s.<\/p><p>La Soci\u00e9t\u00e9 s\u2019engage \u00e0 respecter la r\u00e8glementation applicable en mati\u00e8re de protection des donn\u00e9es personnelles et notamment les obligations d\u00e9coulant du r\u00e8glement europ\u00e9en n\u00b0 2016\/679 sur la protection des donn\u00e9es personnelles (ci-apr\u00e8s d\u00e9sign\u00e9 le \u00ab&nbsp;<strong>RGPD<\/strong>&nbsp;\u00bb).<\/p><p>La Soci\u00e9t\u00e9 collecte les Donn\u00e9es Personnelles uniquement dans le respect des termes de la pr\u00e9sente Politique de Confidentialit\u00e9 et de toute instruction l\u00e9gale et raisonnable donn\u00e9e par l\u2019Utilisateur \u00e0 tout moment.<\/p><h2 class=\"wp-block-heading\" id=\"article-1-informations-collectees\"><strong>ARTICLE 1&nbsp;: INFORMATIONS COLLECTEES<\/strong><\/h2><p><strong>1.1<\/strong> Pendant toute la dur\u00e9e de l\u2019utilisation du Site, la Soci\u00e9t\u00e9 est susceptible de collecter les Donn\u00e9es Personnelles concernant les Utilisateurs, c\u2019est-\u00e0-dire toute information, identifiant directement ou indirectement l\u2019Utilisateur.<\/p><p>Lors de la premi\u00e8re utilisation du Site, l\u2019Utilisateur consent express\u00e9ment au traitement de ses Donn\u00e9es Personnelles dans la limite d\u2019un traitement strictement n\u00e9cessaire au bon fonctionnement du Site et des Services.<\/p><p><strong>1.2 <\/strong>Les Donn\u00e9es Personnelles relatives aux Utilisateurs peuvent \u00eatre collect\u00e9es de mani\u00e8re directe lorsque l\u2019Utilisateur les communique \u00e0 la Soci\u00e9t\u00e9 au moyen de cr\u00e9ation de compte, de formulaires, de r\u00e9alisation de commande, d\u2019inscription \u00e0 la newsletter, de demande de contact, de signalement de contenus illicites.<\/p><p>Sont notamment concern\u00e9es&nbsp;les Donn\u00e9es Personnelles relatives \u00e0 l\u2019identit\u00e9 de l\u2019Utilisateur et notamment&nbsp;: nom, pr\u00e9nom, adresse \u00e9lectronique, num\u00e9ro de t\u00e9l\u00e9phone, adresse et code postaux, fonction.<\/p><p>Le renseignement des informations nominatives est obligatoire pour permettre \u00e0 l\u2019Utilisateur l\u2019acc\u00e8s \u00e0 certains services.<\/p><p>Il pourra \u00eatre demand\u00e9 aux Utilisateurs Professionnels certains documents permettant de justifier qu\u2019ils exercent une activit\u00e9 li\u00e9e aux sciences forensiques, \u00e0 savoir, sans que cette liste ne soit exhaustive, toute activit\u00e9 universitaire, de police, gendarme, m\u00e9tiers de la justice, m\u00e9tiers de la m\u00e9decine l\u00e9gale, experts ind\u00e9pendants etc\u2026<\/p><p><strong>1.3<\/strong> La Soci\u00e9t\u00e9 (y compris ses prestataires techniques) est \u00e9galement susceptible de collecter de mani\u00e8re indirecte et automatique&nbsp;:<\/p><ul class=\"wp-block-list\"><li>Les donn\u00e9es relatives \u00e0 l\u2019activit\u00e9 de l\u2019Utilisateur ;<\/li><li>Les donn\u00e9es relatives \u00e0 la navigation de l\u2019Utilisateur, notamment l\u2019adresse IP anonymis\u00e9e, le navigateur utilis\u00e9, la dur\u00e9e de navigation, le syst\u00e8me d\u2019exploitation utilis\u00e9, la langue et les pages visualis\u00e9es&nbsp;;<\/li><li>Les donn\u00e9es relatives \u00e0 l\u2019usage du Site par l\u2019Utilisateur, notamment les donn\u00e9es de trafic, le nombre de notifications, le nombre de visite, le nombre d\u2019actualisation des donn\u00e9es, le nombre de lancement du Site et toutes les autres donn\u00e9es ou ressources de communication qu\u2019utilise l\u2019Utilisateur en acc\u00e9dant au Site.<\/li><\/ul><h2 class=\"wp-block-heading\" id=\"article-2-usage-des-donnees-personnelles-collectees-finalites-des-traitements\"><strong>ARTICLE 2&nbsp;: USAGE DES DONNEES PERSONNELLES COLLECTEES (FINALIT\u00c9S DES TRAITEMENTS)<\/strong><\/h2><p>La Soci\u00e9t\u00e9 utilise, stocke et traite les Donn\u00e9es Personnelles, pour les finalit\u00e9s et sur les fondements juridiques suivants :<\/p><figure class=\"wp-block-table\"><table><tbody><tr><td><strong>Finalit\u00e9<\/strong><\/td><td><strong>Base l\u00e9gale du traitement<\/strong><\/td><\/tr><tr><td>Fourniture des Services payants sur le Site<\/td><td>Le traitement est n\u00e9cessaire \u00e0 l&#8217;ex\u00e9cution du contrat conclu entre l\u2019Utilisateur et la Soci\u00e9t\u00e9<\/td><\/tr><tr><td>R\u00e9ponse aux \u00e9ventuelles questions\/r\u00e9clamations des Utilisateurs abonn\u00e9s \u2013 Assistance<\/td><td>Le traitement est n\u00e9cessaire \u00e0 l\u2019ex\u00e9cution du contrat conclu entre l\u2019Utilisateur et la Soci\u00e9t\u00e9<\/td><\/tr><tr><td>Gestion des demandes de droits d\u2019acc\u00e8s, de portabilit\u00e9, d\u2019effacement, de rectification et d\u2019opposition<\/td><td>Le traitement est n\u00e9cessaire \u00e0 l\u2019ex\u00e9cution du contrat conclu entre l\u2019Utilisateur abonn\u00e9 et la Soci\u00e9t\u00e9<\/td><\/tr><tr><td>D\u00e9veloppement, am\u00e9lioration du Site, cr\u00e9ation d\u2019un environnement de confiance<\/td><td>Le traitement est n\u00e9cessaire aux fins des int\u00e9r\u00eats l\u00e9gitimes poursuivis par la Soci\u00e9t\u00e9<\/td><\/tr><tr><td>Prospection Commerciale<\/td><td>Le traitement est r\u00e9alis\u00e9 sur la base du consentement de l\u2019Utilisateur<\/td><\/tr><tr><td>Mesures d\u2019audiences, Statistiques commerciales<\/td><td>Le traitement est n\u00e9cessaire aux fins des int\u00e9r\u00eats l\u00e9gitimes poursuivis par la Soci\u00e9t\u00e9<\/td><\/tr><\/tbody><\/table><\/figure><p>La Soci\u00e9t\u00e9 s\u2019accorde enfin le droit de revoir, parcourir ou analyser les Donn\u00e9es Personnelles, y compris les communications \u00e9chang\u00e9es entre la Soci\u00e9t\u00e9 et les Utilisateurs par le biais du Site, pour se conformer aux obligations l\u00e9gales lui incombant et notamment \u00e0 des fins de pr\u00e9vention des fraudes, d\u2019\u00e9valuation des risques, de respect des r\u00e8glements et d\u2019enqu\u00eate.<\/p><h2 class=\"wp-block-heading\" id=\"article-3-conservation-des-donnees-personnelles\"><strong>ARTICLE 3&nbsp;: CONSERVATION DES DONNEES PERSONNELLES<\/strong><\/h2><p>Les Donn\u00e9es Personnelles sont conserv\u00e9es uniquement le temps n\u00e9cessaire \u00e0 la r\u00e9alisation de la finalit\u00e9 pour laquelle la Soci\u00e9t\u00e9 d\u00e9tient ces donn\u00e9es, afin de r\u00e9pondre aux besoins des Utilisateurs ou pour remplir ses obligations l\u00e9gales.<\/p><p>Pour \u00e9tablir la dur\u00e9e de conservation des donn\u00e9es personnelles, la Soci\u00e9t\u00e9 applique les crit\u00e8res suivants :<\/p><figure class=\"wp-block-table\"><table><tbody><tr><td><strong>Nature du traitement<\/strong><\/td><td><strong>Dur\u00e9e de conservation<\/strong><\/td><\/tr><tr><td>Acc\u00e8s et utilisation du Site par l\u2019Utilisateur \u2013 Fourniture des Services<\/td><td>Conservation jusqu\u2019\u00e0 l\u2019issue d\u2019une p\u00e9riode d\u2019inactivit\u00e9 et dans les limites des prescriptions l\u00e9gales<\/td><\/tr><tr><td>Prospection commerciale<\/td><td>Conservation jusqu\u2019\u00e0 3 ans apr\u00e8s la collecte ou le dernier contact avec l\u2019Utilisateur<\/td><\/tr><tr><td>Demande de l\u2019Utilisateur (Contact, assistance, exercice des droits)<\/td><td>Conservation pendant la dur\u00e9e n\u00e9cessaire au traitement de cette demande<\/td><\/tr><\/tbody><\/table><\/figure><p>A l\u2019issu des dur\u00e9es mentionn\u00e9es ou au plus tard six (6) mois \u00e0 compter de la fin de l\u2019utilisation des Services par l\u2019Utilisateur, les Donn\u00e9es Personnelles seront d\u00e9truites ou la Soci\u00e9t\u00e9 proc\u00e9dera \u00e0 leur anonymisation.<\/p><p>Toutefois, la Soci\u00e9t\u00e9 est susceptible de conserver certaines Donn\u00e9es Personnelles recueillies sur des espaces de stockage distincts afin de justifier, le cas \u00e9ch\u00e9ant de la parfaite ex\u00e9cution de ses obligations contractuelles ou l\u00e9gales. Les donn\u00e9es ainsi conserv\u00e9es seront limit\u00e9es \u00e0 ce que strictement n\u00e9cessaire.<\/p><h2 class=\"wp-block-heading\" id=\"article-4-partage-et-divuglation-des-donnees-personnelles\"><strong>ARTICLE 4&nbsp;: PARTAGE ET DIVUGLATION DES DONNEES PERSONNELLES<br><\/strong><\/h2><p><strong>4.1 <\/strong>la Soci\u00e9t\u00e9 peut divulguer les Donn\u00e9es Personnelles aux autorit\u00e9s administratives et judiciaires, ou \u00e0 des tiers autoris\u00e9s, si la loi l\u2019exige ou le permet, ou si une telle divulgation est raisonnablement jug\u00e9e n\u00e9cessaire : (i) pour respecter les obligations l\u00e9gales de la Soci\u00e9t\u00e9, (ii) afin de se conformer au processus judiciaire et de donner suite aux r\u00e9clamations pr\u00e9sent\u00e9es contre la Soci\u00e9t\u00e9, (iii) pour r\u00e9pondre \u00e0 des demandes v\u00e9rifi\u00e9es dans le cadre d\u2019une enqu\u00eate judiciaire ou d\u2019une activit\u00e9 ill\u00e9gale pr\u00e9tendue ou soup\u00e7onn\u00e9e ou de toute autre activit\u00e9 qui peut exposer la Soci\u00e9t\u00e9 \u00e0 une responsabilit\u00e9 l\u00e9gale.<\/p><p><strong>4.2<\/strong> Sous r\u00e9serve de l\u2019autorisation de l\u2019Utilisateur, la Soci\u00e9t\u00e9 a la facult\u00e9 de sous-traiter tout ou partie de l\u2019ex\u00e9cution des Services dans le respect des dispositions l\u00e9gales en vigueur.<\/p><p>Dans ce cadre, la Soci\u00e9t\u00e9 ne transf\u00e8rera pas les Donn\u00e9es Personnelles \u00e0 des tiers \u00e9tablis en dehors de l\u2019Union europ\u00e9enne n\u2019offrant pas un niveau de protection ad\u00e9quat au regard des exigences l\u00e9gales en mati\u00e8re de protection des Donn\u00e9es Personnelles.<\/p><p>Tout sous-traitant sera autoris\u00e9 \u00e0 traiter, pour le compte de la Soci\u00e9t\u00e9, dans la seule finalit\u00e9 de la bonne ex\u00e9cution des Services, dans la limite des conditions contractuelles sign\u00e9es entre la Soci\u00e9t\u00e9 et le sous-traitant, et ne pouvant d\u00e9roger aux conditions de la pr\u00e9sente Politique de confidentialit\u00e9 : h\u00e9bergeur, prestataires techniques, partenaires commerciaux.<\/p><p>La Soci\u00e9t\u00e9 d\u00e9clare :<\/p><ul class=\"wp-block-list\"><li>Avoir remis par \u00e9crit toute instruction concernant le traitement des Donn\u00e9es Personnelles par le sous-traitant ;<\/li><li>Veiller, au pr\u00e9alable et pendant toute la dur\u00e9e du traitement, au respect des obligations pr\u00e9vues par le r\u00e8glement europ\u00e9en sur la protection des Donn\u00e9es Personnelles de la part du sous-traitant ;<\/li><li>Superviser le traitement, y compris r\u00e9aliser les audits et les inspections aupr\u00e8s du sous-traitant.<\/li><\/ul><p>La Soci\u00e9t\u00e9 s\u2019engage \u00e0 ce que le sous-traitant :<\/p><ul class=\"wp-block-list\"><li>Traite les Donn\u00e9es Personnelles uniquement pour la ou les seule(s) finalit\u00e9(s) qui fait\/font l\u2019objet de la sous-traitance ;<\/li><li>Traite les Donn\u00e9es Personnelles conform\u00e9ment aux instructions de la Soci\u00e9t\u00e9&nbsp;;<\/li><li>Garantisse la confidentialit\u00e9 des Donn\u00e9es Personnelles \u00e0 caract\u00e8re personnel trait\u00e9es ;<\/li><li>Ait fait l\u2019objet de formation n\u00e9cessaire en mati\u00e8re de protection des Donn\u00e9es Personnelles \u00e0 caract\u00e8re personnel ;<\/li><li>Prenne en compte, s\u2019agissant de ses outils, produits, applications ou services, les principes de protection des Donn\u00e9es Personnelles d\u00e8s la conception et de protection des Donn\u00e9es Personnelles par d\u00e9faut ;<\/li><li>Informe imm\u00e9diatement la Soci\u00e9t\u00e9 s\u2019il consid\u00e8re qu\u2019une instruction constitue une violation du r\u00e8glement europ\u00e9en sur la protection des Donn\u00e9es Personnelles ou de toute autre disposition du droit de l\u2019Union ou du droit des \u00c9tats membres relative \u00e0 la protection des Donn\u00e9es Personnelles.<\/li><\/ul><p>Les Donn\u00e9es Personnelles peuvent \u00e9galement \u00eatre transmises aux partenaires commerciaux qui permettent \u00e0 la Soci\u00e9t\u00e9 d\u2019ex\u00e9cuter convenablement les abonnements, leur gestion, traitement et paiement dans les conditions contractuelles sign\u00e9es entre le partenaire et la Soci\u00e9t\u00e9 ne pouvant d\u00e9roger aux conditions de la pr\u00e9sente Politique de confidentialit\u00e9.<\/p><p>Uniquement avec l\u2019accord expr\u00e8s de l\u2019Utilisateur, la Soci\u00e9t\u00e9 pourra \u00eatre amen\u00e9e \u00e0 r\u00e9utiliser les Donn\u00e9es Personnelles ou les transmettre \u00e0 des soci\u00e9t\u00e9s partenaires aux fins notamment d\u2019envoi par courrier \u00e9lectronique d\u2019informations commerciales.<\/p><p>La Soci\u00e9t\u00e9 d\u00e9clare recevoir du sous-traitant toute la documentation n\u00e9cessaire permettant de d\u00e9montrer le respect des obligations et permettant la r\u00e9alisation d&#8217;audits, y compris d\u2019inspections, par la Soci\u00e9t\u00e9 ou un autre auditeur qu&#8217;il a mandat\u00e9, et contribuer \u00e0 ces audits.<\/p><p>La Soci\u00e9t\u00e9 demeure seule responsable \u00e0 l\u2019\u00e9gard des Utilisateurs de la fourniture des Services confi\u00e9es \u00e0 un sous-traitant.<\/p><p><strong>4.3<\/strong> La Soci\u00e9t\u00e9 utilise les services de la soci\u00e9t\u00e9 OVH, dont le si\u00e8ge social est sis 2 rue Kellermann, 59100, Roubaix, France, agissant en tant qu\u2019h\u00e9bergeur des Donn\u00e9es Personnelles.<\/p><p>En vertu du D\u00e9cret n\u00b02011-219 du 25 f\u00e9vrier 2011 relatif \u00e0 la conservation et \u00e0 la communication des donn\u00e9es permettant d\u2019identifier toute personne ayant contribu\u00e9 \u00e0 la cr\u00e9ation d\u2019un contenu mis en ligne, l\u2019Utilisateur est inform\u00e9 que l\u2019h\u00e9bergeur a l\u2019obligation de conserver pendant une dur\u00e9e d\u2019un an \u00e0 compter du jour de la cr\u00e9ation des contenus, pour chaque op\u00e9ration contribuant \u00e0 la cr\u00e9ation d&#8217;un contenu&nbsp;:<\/p><ul class=\"wp-block-list\"><li><em>L\u2019identifiant de la connexion \u00e0 l\u2019origine de la communication&nbsp;;<\/em><\/li><li><em>L&#8217;identifiant attribu\u00e9 par le syst\u00e8me d&#8217;information au contenu, objet de l&#8217;op\u00e9ration ;<\/em><\/li><li><em>Les types de protocoles utilis\u00e9s pour la connexion au service et pour le transfert des contenus ;<\/em><\/li><li><em>La nature de l&#8217;op\u00e9ration ;<\/em><\/li><li><em>Les date et heure de l&#8217;op\u00e9ration&nbsp;;<\/em><\/li><li><em>L&#8217;identifiant utilis\u00e9 par l&#8217;auteur de l&#8217;op\u00e9ration lorsque celui-ci l&#8217;a fourni.<\/em><\/li><\/ul><p>En cas de r\u00e9siliation du contrat, l\u2019h\u00e9bergeur doit \u00e9galement conserver durant un an \u00e0 compter du jour de la r\u00e9siliation du contrat les informations fournies lors de la souscription d&#8217;un contrat (commande) par l\u2019Utilisateur ou lors de la cr\u00e9ation d&#8217;un espace client, \u00e0 savoir&nbsp;:<\/p><ul class=\"wp-block-list\"><li><em>Au moment de la cr\u00e9ation de l\u2019espace client: l&#8217;identifiant de cette connexion&nbsp;;<\/em><\/li><li><em>Les nom et pr\u00e9nom ou la raison sociale ;<\/em><\/li><li><em>Les adresses postales associ\u00e9es ;<\/em><\/li><li><em>Les pseudonymes utilis\u00e9s ;<\/em><\/li><li><em>Les adresses de courrier \u00e9lectronique ou de compte associ\u00e9es ;<\/em><\/li><li><em>Les num\u00e9ros de t\u00e9l\u00e9phone ;<\/em><\/li><li><em>Le mot de passe ainsi que les donn\u00e9es permettant de le v\u00e9rifier ou de le modifier, dans leur derni\u00e8re version mise \u00e0 jour.<\/em><\/li><\/ul><p>L\u2019h\u00e9bergeur doit enfin, lorsque la souscription du contrat (commande) est payante, conserver durant un an \u00e0 compter de la date d&#8217;\u00e9mission de la facture ou de l&#8217;op\u00e9ration de paiement, pour chaque facture ou op\u00e9ration de paiement, les informations suivantes relatives au paiement, pour chaque op\u00e9ration de paiement :<\/p><ul class=\"wp-block-list\"><li><em>Le type de paiement utilis\u00e9;<\/em><\/li><li><em>La r\u00e9f\u00e9rence du paiement ;<\/em><\/li><li><em>Le montant ;<\/em><\/li><li><em>La date et l&#8217;heure de la transaction.<\/em><\/li><\/ul><h2 class=\"wp-block-heading\" id=\"article-5-protection-des-donnees-personnelles-droits-des-utilisateurs\"><strong>ARTICLE 5&nbsp;:&nbsp; PROTECTION DES DONNEES PERSONNELLES \u2013 DROITS DES UTILISATEURS<\/strong><\/h2><p><strong>5.1<\/strong> La Soci\u00e9t\u00e9 veille \u00e0 s\u00e9curiser les Donn\u00e9es Personnelles de mani\u00e8re ad\u00e9quate et appropri\u00e9e et a pris les pr\u00e9cautions utiles afin de pr\u00e9server la s\u00e9curit\u00e9 et la confidentialit\u00e9 des donn\u00e9es et notamment emp\u00eacher qu\u2019elles ne soient d\u00e9form\u00e9es, endommag\u00e9es ou communiqu\u00e9es \u00e0 des personnes non autoris\u00e9es.<\/p><p>La Soci\u00e9t\u00e9 mettra en \u0153uvre toutes les mesures techniques et organisationnelles n\u00e9cessaires au respect de la protection des donn\u00e9es personnelles, pour lutter contre le traitement non autoris\u00e9<\/p><p>Lorsque la Soci\u00e9t\u00e9 constate une violation de droits dans le cadre du traitement des Donn\u00e9es Personnelles, cette violation sera notifi\u00e9e \u00e0 la CNIL dans un d\u00e9lai ne pouvant \u00eatre sup\u00e9rieur \u00e0 soixante-douze (72) heures apr\u00e8s en avoir pris connaissance.<\/p><p>Toute violation relative au traitement des Donn\u00e9es Personnelles sera notifi\u00e9e par e-mail, dans un d\u00e9lai d\u2019un (1) mois, par la Soci\u00e9t\u00e9 \u00e0 l\u2019Utilisateur concern\u00e9.<\/p><p><strong>5.2<\/strong> Dans tous les cas, les Utilisateurs b\u00e9n\u00e9ficient d&#8217;un droit d&#8217;acc\u00e8s, de rectification, de modification, d&#8217;opposition, de portabilit\u00e9 et de suppression des Donn\u00e9es Personnelles. Ces droits doivent \u00eatre exerc\u00e9s aupr\u00e8s de la Soci\u00e9t\u00e9 \u00e0 l\u2019adresse suivante&nbsp;: <a href=\"mailto:contact@forenseek.fr\">contact@forenseek.fr<\/a>, en indiquant le nom, pr\u00e9nom, l\u2019adresse du domicile, l\u2019adresse e-mail, le num\u00e9ro de t\u00e9l\u00e9phone de l\u2019Utilisateur, ainsi que l\u2019objet de la demande.<\/p><p>Conform\u00e9ment \u00e0 la r\u00e9glementation en vigueur, toute demande doit \u00eatre sign\u00e9e et accompagn\u00e9e&nbsp;&nbsp; de la photocopie d&#8217;un titre d&#8217;identit\u00e9 portant la signature de l\u2019Utilisateur, sur demande de la Soci\u00e9t\u00e9.<\/p><p>Le droit \u00e0 la portabilit\u00e9 est limit\u00e9 aux donn\u00e9es fournies par l\u2019Utilisateur concern\u00e9 et s\u2019applique sur la base du consentement pr\u00e9alable de l\u2019Utilisateur. Sur demande, la Soci\u00e9t\u00e9 s\u2019engage \u00e0 transmettre dans un d\u00e9lai de 30 jours, et dans un format ouvert et lisible, tout document de recueil des Donn\u00e9es Personnelles \u00e0 l\u2019Utilisateur afin de pouvoir mettre en \u0153uvre le droit \u00e0 portabilit\u00e9. Les frais li\u00e9s \u00e0 la r\u00e9cup\u00e9ration des donn\u00e9es sont \u00e0 la charge de l\u2019Utilisateur en faisant la demande.<\/p><h2 class=\"wp-block-heading\" id=\"article-6-cookies\"><strong>ARTICLE 6&nbsp;:&nbsp; COOKIES<\/strong><\/h2><p><strong>6.1 <\/strong>Dans le cadre de l\u2019utilisation des Services sur le Site par les Utilisateurs, la Soci\u00e9t\u00e9 est susceptible d\u2019utiliser des cookies.<\/p><p><strong>6.2<\/strong> Certains cookies sont essentiels pour que l\u2019Utilisateur puisse profiter de toutes les fonctionnalit\u00e9s du Site et ne collectent pas d\u2019informations confidentielles concernant les Utilisateurs.<\/p><p>Conform\u00e9ment \u00e0 la d\u00e9lib\u00e9ration de la CNIL n\u00b0 2013-378 du 5 d\u00e9cembre 2013, la Soci\u00e9t\u00e9 informe les Utilisateurs que des cookies enregistrent certaines informations qui sont stock\u00e9es dans la m\u00e9moire de leur mat\u00e9riel\/\u00e9quipement informatique. Ces informations servent \u00e0 am\u00e9liorer l\u2019utilisation et le fonctionnement du Site, mais aussi pour comprendre comment le Site est utilis\u00e9 par les Utilisateurs, ainsi que les outils et services que la Soci\u00e9t\u00e9 leur met \u00e0 disposition. Un message d\u2019alerte informe chaque personne visitant le Site, de la pr\u00e9sence de ces cookies essentiels.<\/p><p><strong>6.3<\/strong> Le Site utilise \u00e9galement des cookies tiers \u00e0 des fins non essentiels pour comprendre comment le Site fonctionne et comment l\u2019Utilisateur interagit avec le Site, fournir des publicit\u00e9s qui concernent l\u2019Utilisateur et dans l\u2019ensemble, fournir une exp\u00e9rience Utilisateur meilleure et am\u00e9lior\u00e9 et acc\u00e9l\u00e9rer les futures interactions des Utilisateurs avec le Site.<\/p><p><strong>6.4<\/strong> Pour garantir le consentement libre, \u00e9clair\u00e9 et non \u00e9quivoque de l\u2019Utilisateur, l\u2019Utilisateur se rendant sur la page d\u2019accueil ou une autre page du Site directement \u00e0 partir d\u2019un moteur de recherche sera inform\u00e9 :<\/p><ul class=\"wp-block-list\"><li>Des finalit\u00e9s pr\u00e9cises des cookies utilis\u00e9s ;<\/li><li>De la possibilit\u00e9 de s\u2019opposer \u00e0 ces cookies et de changer les param\u00e8tres en cliquant sur un lien pr\u00e9sent dans le bandeau ;<\/li><li>Et du fait que la poursuite de sa navigation ne vaut pas accord au d\u00e9p\u00f4t de cookies sur son terminal.<\/li><\/ul><p>Pour garantir le consentement libre, \u00e9clair\u00e9e et non \u00e9quivoque de l\u2019Utilisateur visitant le Site, le bandeau ne dispara\u00eetra pas tant qu\u2019il n\u2019aura pas accept\u00e9 ou refus\u00e9 le d\u00e9p\u00f4t et la lecture de cookies<\/p><p><strong>6.5<\/strong> Sauf consentement pr\u00e9alable de l\u2019Utilisateur, le d\u00e9p\u00f4t et la lecture de cookies ne seront pas effectu\u00e9s :<\/p><ul class=\"wp-block-list\"><li>S\u2019il se rend sur le Site (page d&#8217;accueil ou directement sur une autre page du Site) et poursuit sa navigation : une simple absence d\u2019action ne saurait \u00eatre en effet assimil\u00e9e \u00e0 une manifestation de volont\u00e9 ;<\/li><li>Ou s\u2019il clique sur le lien pr\u00e9sent dans le bandeau lui permettant de param\u00e9trer les cookies et, le cas \u00e9ch\u00e9ant, refuse le d\u00e9p\u00f4t de cookies.<\/li><\/ul><p><strong>6.6<\/strong> L\u2019Utilisateur peut \u00e0 tout moment choisir de d\u00e9sactiver les cookies et autres traceurs. Son navigateur peut \u00eatre param\u00e9tr\u00e9 pour lui signaler les cookies qui sont d\u00e9pos\u00e9s dans son terminal et lui demander de les accepter ou non.<\/p><p>La configuration de chaque navigateur est diff\u00e9rente. Elle est d\u00e9crite dans le menu d&#8217;aide de son navigateur, qui permettra \u00e0 l\u2019Utilisateur de savoir de quelle mani\u00e8re modifier ses souhaits en mati\u00e8re de cookies.<\/p><h2 class=\"wp-block-heading\" id=\"firefox-https-support-mozilla-org-fr-kb-cookies-informations-sites-enregistrent\">Firefox: <\/h2><p id=\"firefox-https-support-mozilla-org-fr-kb-cookies-informations-sites-enregistrent\"><a href=\"https:\/\/support.mozilla.org\/fr\/kb\/cookies-informations-sites-enregistrent\">https:\/\/support.mozilla.org\/fr\/kb\/cookies-informations-sites-enregistrent<\/a><\/p><ul class=\"wp-block-list\"><li><em>Cliquez sur le bouton de menu et s\u00e9lectionnez &#8220;Options&#8221;.<\/em><\/li><li><em>S\u00e9lectionnez le panneau &#8220;Vie priv\u00e9e&#8221;.<\/em><\/li><li><em>Param\u00e9trez le menu &#8220;R\u00e8gles de conservation&#8221; sur &#8220;Utiliser les param\u00e8tres personnalis\u00e9s pour l&#8217;historique&#8221;.<\/em><\/li><li><em>D\u00e9cochez la case &#8220;Accepter les cookies&#8221;.<\/em><\/li><li><em>Toutes les modifications que vous avez apport\u00e9es seront automatiquement enregistr\u00e9es<\/em>.<\/li><\/ul><h2 class=\"wp-block-heading\" id=\"internet-explorer-https-support-microsoft-com-en-us-products-windows-os-windows-7\">Internet Explorer : <\/h2><p id=\"internet-explorer-https-support-microsoft-com-en-us-products-windows-os-windows-7\"><a href=\"https:\/\/support.microsoft.com\/en-us\/products\/windows?os=windows-7\">https:\/\/support.microsoft.com\/en-us\/products\/windows?os=windows-7<\/a><\/p><ul class=\"wp-block-list\"><li><em>Cliquez sur le bouton Outils, puis sur &#8220;Options Internet&#8221;.<\/em><\/li><li><em>Cliquez sur l\u2019onglet &#8220;Confidentialit\u00e9&#8221;, puis sous &#8220;Param\u00e8tres&#8221;, d\u00e9placez le curseur vers le haut pour bloquer tous les cookies ou vers le bas pour autoriser tous les cookies, puis cliquez sur OK.<\/em><\/li><\/ul><p><h2 id=\"google-chrome-https-support-google-com-chrome-answer-95647-hl-fr\">Google Chrome: <\/h2>\n<p><a href=\"https:\/\/support.google.com\/chrome\/answer\/95647?hl=fr\">https:\/\/support.google.com\/chrome\/answer\/95647?hl=fr<\/a><\/p><ul class=\"wp-block-list\"><li><em>S\u00e9lectionnez l&#8217;ic\u00f4ne du menu Chrome.<\/em><\/li><li><em>S\u00e9lectionnez &#8220;Param\u00e8tres&#8221;.<\/em><\/li><li><em>En bas de la page, s\u00e9lectionnez &#8220;Afficher les param\u00e8tres avanc\u00e9s&#8221;.<\/em><\/li><li><em>Dans la section &#8220;Confidentialit\u00e9&#8221;, s\u00e9lectionnez &#8220;Param\u00e8tres de contenu&#8221;.<\/em><\/li><li><em>S\u00e9lectionnez &#8220;Interdire \u00e0 tous les sites de stocker des donn\u00e9es&#8221;.<\/em><\/li><li><em>S\u00e9lectionnez OK<\/em>.<\/li><\/ul><p><h2>Safari: <\/h2>\n<p><a href=\"https:\/\/www.apple.com\/legal\/privacy\/fr-ww\/cookies\/\">https:\/\/www.apple.com\/legal\/privacy\/fr-ww\/cookies\/<\/a><\/p><\/p><ul class=\"wp-block-list\"><li><em>Cliquez sur&nbsp; &#8220;R\u00e9glages&#8221; &gt; &#8220;Safari&#8221; &gt; &#8220;Confidentialit\u00e9&#8221; &gt; &#8220;Cookies et donn\u00e9es de site web&#8221;<\/em><\/li><\/ul>","protected":false},"excerpt":{"rendered":"<p>La pr\u00e9sente politique de confidentialit\u00e9 (ci-apr\u00e8s d\u00e9sign\u00e9e la \u00ab Politique de Confidentialit\u00e9 \u00bb) d\u00e9finit le cadre l\u00e9gal de collecte, utilisation et traitement par la soci\u00e9t\u00e9 Forenseek (ci-apr\u00e8s d\u00e9sign\u00e9e \u00ab la Soci\u00e9t\u00e9 \u00bb), des donn\u00e9es personnelles concernant les utilisateurs navigant et\/ou faisant usage des services propos\u00e9s par la Soci\u00e9t\u00e9 (ci-apr\u00e8s d\u00e9sign\u00e9s les \u00ab&nbsp;Utilisateurs&nbsp;\u00bb) accessibles sur le &hellip; <a href=\"https:\/\/www.forenseek.fr\/en\/politique-de-confidentialite\/\" class=\"more-link\">Continue reading <span class=\"screen-reader-text\">Privacy policy<\/span> <span class=\"meta-nav\">&rarr;<\/span><\/a><\/p>\n","protected":false},"author":1,"featured_media":0,"parent":0,"menu_order":0,"comment_status":"closed","ping_status":"closed","template":"template-cms.php","meta":{"_acf_changed":false,"footnotes":""},"class_list":["post-21783","page","type-page","status-publish","hentry"],"acf":[],"yoast_head":"<!-- This site is optimized with the Yoast SEO Premium plugin v24.7 (Yoast SEO v27.5) - https:\/\/yoast.com\/product\/yoast-seo-premium-wordpress\/ -->\n<title>Forenseek - Privacy policy<\/title>\n<meta name=\"robots\" content=\"noindex, nofollow\" \/>\n<meta property=\"og:locale\" content=\"en_US\" \/>\n<meta property=\"og:type\" content=\"article\" \/>\n<meta property=\"og:title\" content=\"Privacy policy\" \/>\n<meta property=\"og:description\" content=\"La pr\u00e9sente politique de confidentialit\u00e9 (ci-apr\u00e8s d\u00e9sign\u00e9e la \u00ab Politique de Confidentialit\u00e9 \u00bb) d\u00e9finit le cadre l\u00e9gal de collecte, utilisation et traitement par la soci\u00e9t\u00e9 Forenseek (ci-apr\u00e8s d\u00e9sign\u00e9e \u00ab la Soci\u00e9t\u00e9 \u00bb), des donn\u00e9es personnelles concernant les utilisateurs navigant et\/ou faisant usage des services propos\u00e9s par la Soci\u00e9t\u00e9 (ci-apr\u00e8s d\u00e9sign\u00e9s les \u00ab&nbsp;Utilisateurs&nbsp;\u00bb) accessibles sur le &hellip; Continue reading Privacy policy &rarr;\" \/>\n<meta property=\"og:url\" content=\"https:\/\/www.forenseek.fr\/en\/politique-de-confidentialite\/\" \/>\n<meta property=\"og:site_name\" content=\"Forenseek\" \/>\n<meta property=\"article:publisher\" content=\"https:\/\/www.facebook.com\/forenseekfr\/\" \/>\n<meta property=\"article:modified_time\" content=\"2025-10-27T09:23:01+00:00\" \/>\n<meta property=\"og:image\" content=\"https:\/\/www.forenseek.fr\/wp-content\/uploads\/2022\/02\/LOGO-YOUTUBE-FORENSEEK.jpg\" \/>\n\t<meta property=\"og:image:width\" content=\"1\" \/>\n\t<meta property=\"og:image:height\" content=\"1\" \/>\n\t<meta property=\"og:image:type\" content=\"image\/jpeg\" \/>\n<meta name=\"twitter:card\" content=\"summary_large_image\" \/>\n<meta name=\"twitter:label1\" content=\"Est. reading time\" \/>\n\t<meta name=\"twitter:data1\" content=\"15 minutes\" \/>\n<script type=\"application\/ld+json\" class=\"yoast-schema-graph\">{\"@context\":\"https:\\\/\\\/schema.org\",\"@graph\":[{\"@type\":\"WebPage\",\"@id\":\"https:\\\/\\\/www.forenseek.fr\\\/en\\\/politique-de-confidentialite\\\/\",\"url\":\"https:\\\/\\\/www.forenseek.fr\\\/en\\\/politique-de-confidentialite\\\/\",\"name\":\"Forenseek - Privacy policy\",\"isPartOf\":{\"@id\":\"https:\\\/\\\/www.forenseek.fr\\\/#website\"},\"datePublished\":\"2022-02-08T10:23:28+00:00\",\"dateModified\":\"2025-10-27T09:23:01+00:00\",\"breadcrumb\":{\"@id\":\"https:\\\/\\\/www.forenseek.fr\\\/en\\\/politique-de-confidentialite\\\/#breadcrumb\"},\"inLanguage\":\"en-US\",\"potentialAction\":[{\"@type\":\"ReadAction\",\"target\":[\"https:\\\/\\\/www.forenseek.fr\\\/en\\\/politique-de-confidentialite\\\/\"]}]},{\"@type\":\"BreadcrumbList\",\"@id\":\"https:\\\/\\\/www.forenseek.fr\\\/en\\\/politique-de-confidentialite\\\/#breadcrumb\",\"itemListElement\":[{\"@type\":\"ListItem\",\"position\":1,\"name\":\"Accueil\",\"item\":\"https:\\\/\\\/www.forenseek.fr\\\/en\\\/\"},{\"@type\":\"ListItem\",\"position\":2,\"name\":\"Privacy policy\"}]},{\"@type\":\"WebSite\",\"@id\":\"https:\\\/\\\/www.forenseek.fr\\\/#website\",\"url\":\"https:\\\/\\\/www.forenseek.fr\\\/\",\"name\":\"Forenseek\",\"description\":\"Ad Verum Ad Justitia\",\"potentialAction\":[{\"@type\":\"SearchAction\",\"target\":{\"@type\":\"EntryPoint\",\"urlTemplate\":\"https:\\\/\\\/www.forenseek.fr\\\/?s={search_term_string}\"},\"query-input\":{\"@type\":\"PropertyValueSpecification\",\"valueRequired\":true,\"valueName\":\"search_term_string\"}}],\"inLanguage\":\"en-US\"}]}<\/script>\n<!-- \/ Yoast SEO Premium plugin. -->","yoast_head_json":{"title":"Forenseek - Privacy policy","robots":{"index":"noindex","follow":"nofollow"},"og_locale":"en_US","og_type":"article","og_title":"Privacy policy","og_description":"La pr\u00e9sente politique de confidentialit\u00e9 (ci-apr\u00e8s d\u00e9sign\u00e9e la \u00ab Politique de Confidentialit\u00e9 \u00bb) d\u00e9finit le cadre l\u00e9gal de collecte, utilisation et traitement par la soci\u00e9t\u00e9 Forenseek (ci-apr\u00e8s d\u00e9sign\u00e9e \u00ab la Soci\u00e9t\u00e9 \u00bb), des donn\u00e9es personnelles concernant les utilisateurs navigant et\/ou faisant usage des services propos\u00e9s par la Soci\u00e9t\u00e9 (ci-apr\u00e8s d\u00e9sign\u00e9s les \u00ab&nbsp;Utilisateurs&nbsp;\u00bb) accessibles sur le &hellip; Continue reading Privacy policy &rarr;","og_url":"https:\/\/www.forenseek.fr\/en\/politique-de-confidentialite\/","og_site_name":"Forenseek","article_publisher":"https:\/\/www.facebook.com\/forenseekfr\/","article_modified_time":"2025-10-27T09:23:01+00:00","og_image":[{"url":"https:\/\/www.forenseek.fr\/wp-content\/uploads\/2022\/02\/LOGO-YOUTUBE-FORENSEEK.jpg","width":1,"height":1,"type":"image\/jpeg"}],"twitter_card":"summary_large_image","twitter_misc":{"Est. reading time":"15 minutes"},"schema":{"@context":"https:\/\/schema.org","@graph":[{"@type":"WebPage","@id":"https:\/\/www.forenseek.fr\/en\/politique-de-confidentialite\/","url":"https:\/\/www.forenseek.fr\/en\/politique-de-confidentialite\/","name":"Forenseek - Privacy policy","isPartOf":{"@id":"https:\/\/www.forenseek.fr\/#website"},"datePublished":"2022-02-08T10:23:28+00:00","dateModified":"2025-10-27T09:23:01+00:00","breadcrumb":{"@id":"https:\/\/www.forenseek.fr\/en\/politique-de-confidentialite\/#breadcrumb"},"inLanguage":"en-US","potentialAction":[{"@type":"ReadAction","target":["https:\/\/www.forenseek.fr\/en\/politique-de-confidentialite\/"]}]},{"@type":"BreadcrumbList","@id":"https:\/\/www.forenseek.fr\/en\/politique-de-confidentialite\/#breadcrumb","itemListElement":[{"@type":"ListItem","position":1,"name":"Accueil","item":"https:\/\/www.forenseek.fr\/en\/"},{"@type":"ListItem","position":2,"name":"Privacy policy"}]},{"@type":"WebSite","@id":"https:\/\/www.forenseek.fr\/#website","url":"https:\/\/www.forenseek.fr\/","name":"Forenseek","description":"Ad Verum Ad Justitia","potentialAction":[{"@type":"SearchAction","target":{"@type":"EntryPoint","urlTemplate":"https:\/\/www.forenseek.fr\/?s={search_term_string}"},"query-input":{"@type":"PropertyValueSpecification","valueRequired":true,"valueName":"search_term_string"}}],"inLanguage":"en-US"}]}},"_links":{"self":[{"href":"https:\/\/www.forenseek.fr\/en\/wp-json\/wp\/v2\/pages\/21783","targetHints":{"allow":["GET"]}}],"collection":[{"href":"https:\/\/www.forenseek.fr\/en\/wp-json\/wp\/v2\/pages"}],"about":[{"href":"https:\/\/www.forenseek.fr\/en\/wp-json\/wp\/v2\/types\/page"}],"author":[{"embeddable":true,"href":"https:\/\/www.forenseek.fr\/en\/wp-json\/wp\/v2\/users\/1"}],"replies":[{"embeddable":true,"href":"https:\/\/www.forenseek.fr\/en\/wp-json\/wp\/v2\/comments?post=21783"}],"version-history":[{"count":1,"href":"https:\/\/www.forenseek.fr\/en\/wp-json\/wp\/v2\/pages\/21783\/revisions"}],"predecessor-version":[{"id":21804,"href":"https:\/\/www.forenseek.fr\/en\/wp-json\/wp\/v2\/pages\/21783\/revisions\/21804"}],"wp:attachment":[{"href":"https:\/\/www.forenseek.fr\/en\/wp-json\/wp\/v2\/media?parent=21783"}],"curies":[{"name":"wp","href":"https:\/\/api.w.org\/{rel}","templated":true}]}}